{"id":851,"date":"2025-08-12T19:02:17","date_gmt":"2025-08-12T17:02:17","guid":{"rendered":"http:\/\/34.51.240.201\/?page_id=851"},"modified":"2026-01-20T22:34:02","modified_gmt":"2026-01-20T21:34:02","slug":"noticias","status":"publish","type":"page","link":"https:\/\/fiaes.org\/en\/noticias\/","title":{"rendered":"News"},"content":{"rendered":"<div data-elementor-type=\"wp-page\" data-elementor-id=\"851\" class=\"elementor elementor-851\" data-elementor-post-type=\"page\">\n\t\t\t\t<div class=\"elementor-element elementor-element-702974b e-con-full e-flex e-con e-parent\" data-id=\"702974b\" data-element_type=\"container\" data-e-type=\"container\">\n\t\t\t\t<div class=\"elementor-element elementor-element-254b012 elementor-invisible elementor-widget elementor-widget-heading\" data-id=\"254b012\" data-element_type=\"widget\" data-e-type=\"widget\" data-settings=\"{&quot;_animation&quot;:&quot;slideInUp&quot;}\" data-widget_type=\"heading.default\">\n\t\t\t\t\t<h2 class=\"elementor-heading-title elementor-size-default\">Latest News<\/h2>\t\t\t\t<\/div>\n\t\t\t\t<div class=\"elementor-element elementor-element-08a8bb2 elementor-grid-3 elementor-grid-tablet-2 elementor-grid-mobile-1 elementor-posts--thumbnail-top elementor-posts--show-avatar elementor-card-shadow-yes elementor-posts__hover-gradient load-more-align-center elementor-widget elementor-widget-posts\" data-id=\"08a8bb2\" data-element_type=\"widget\" data-e-type=\"widget\" data-settings=\"{&quot;pagination_type&quot;:&quot;load_more_on_click&quot;,&quot;cards_columns&quot;:&quot;3&quot;,&quot;cards_columns_tablet&quot;:&quot;2&quot;,&quot;cards_columns_mobile&quot;:&quot;1&quot;,&quot;cards_row_gap&quot;:{&quot;unit&quot;:&quot;px&quot;,&quot;size&quot;:35,&quot;sizes&quot;:[]},&quot;cards_row_gap_widescreen&quot;:{&quot;unit&quot;:&quot;px&quot;,&quot;size&quot;:&quot;&quot;,&quot;sizes&quot;:[]},&quot;cards_row_gap_laptop&quot;:{&quot;unit&quot;:&quot;px&quot;,&quot;size&quot;:&quot;&quot;,&quot;sizes&quot;:[]},&quot;cards_row_gap_tablet_extra&quot;:{&quot;unit&quot;:&quot;px&quot;,&quot;size&quot;:&quot;&quot;,&quot;sizes&quot;:[]},&quot;cards_row_gap_tablet&quot;:{&quot;unit&quot;:&quot;px&quot;,&quot;size&quot;:&quot;&quot;,&quot;sizes&quot;:[]},&quot;cards_row_gap_mobile_extra&quot;:{&quot;unit&quot;:&quot;px&quot;,&quot;size&quot;:&quot;&quot;,&quot;sizes&quot;:[]},&quot;cards_row_gap_mobile&quot;:{&quot;unit&quot;:&quot;px&quot;,&quot;size&quot;:&quot;&quot;,&quot;sizes&quot;:[]},&quot;load_more_spinner&quot;:{&quot;value&quot;:&quot;fas fa-spinner&quot;,&quot;library&quot;:&quot;fa-solid&quot;}}\" data-widget_type=\"posts.cards\">\n\t\t\t\t<div class=\"elementor-widget-container\">\n\t\t\t\t\t\t\t<div class=\"elementor-posts-container elementor-posts elementor-posts--skin-cards elementor-grid\" role=\"list\">\n\t\t\t\t<article class=\"elementor-post elementor-grid-item post-6384 post type-post status-publish format-standard has-post-thumbnail hentry category-historias-destacadas category-noticia-destacada category-noticias\" role=\"listitem\">\n\t\t\t<div class=\"elementor-post__card\">\n\t\t\t\t<a class=\"elementor-post__thumbnail__link\" href=\"https:\/\/fiaes.org\/en\/pnud-y-fiaes-consolidan-alianza-estrategica-por-la-sostenibilidad-ambiental-de-el-salvador\/\" tabindex=\"-1\" ><div class=\"elementor-post__thumbnail\"><img fetchpriority=\"high\" decoding=\"async\" width=\"768\" height=\"432\" src=\"https:\/\/fiaes.org\/wp-content\/uploads\/2026\/08\/DSC06669_mejorada-768x432.jpg\" class=\"attachment-medium_large size-medium_large wp-image-6385\" alt=\"\" srcset=\"https:\/\/fiaes.org\/wp-content\/uploads\/2026\/08\/DSC06669_mejorada-768x432.jpg 768w, https:\/\/fiaes.org\/wp-content\/uploads\/2026\/08\/DSC06669_mejorada-300x169.jpg 300w, https:\/\/fiaes.org\/wp-content\/uploads\/2026\/08\/DSC06669_mejorada-1024x576.jpg 1024w, https:\/\/fiaes.org\/wp-content\/uploads\/2026\/08\/DSC06669_mejorada-1536x864.jpg 1536w, https:\/\/fiaes.org\/wp-content\/uploads\/2026\/08\/DSC06669_mejorada-18x10.jpg 18w, https:\/\/fiaes.org\/wp-content\/uploads\/2026\/08\/DSC06669_mejorada.jpg 2048w\" sizes=\"(max-width: 768px) 100vw, 768px\" \/><\/div><\/a>\n\t\t\t\t<div class=\"elementor-post__badge\">Featured Stories<\/div>\n\t\t\t\t<div class=\"elementor-post__avatar\">\n\t\t\t<img alt='Ernesto Amaya' src='https:\/\/secure.gravatar.com\/avatar\/ed0ce17c74f79552f6469965e5339002662dc4af55d809bb047507a2e31a59d2?s=128&#038;d=mm&#038;r=g' srcset='https:\/\/secure.gravatar.com\/avatar\/ed0ce17c74f79552f6469965e5339002662dc4af55d809bb047507a2e31a59d2?s=256&#038;d=mm&#038;r=g 2x' class='avatar avatar-128 photo' height='128' width='128' \/>\t\t<\/div>\n\t\t\t\t<div class=\"elementor-post__text\">\n\t\t\t\t<h3 class=\"elementor-post__title\">\n\t\t\t<a href=\"https:\/\/fiaes.org\/en\/pnud-y-fiaes-consolidan-alianza-estrategica-por-la-sostenibilidad-ambiental-de-el-salvador\/\" >\n\t\t\t\tPNUD y FIAES consolidan alianza estrat\u00e9gica por la sostenibilidad ambiental de El Salvador\t\t\t<\/a>\n\t\t<\/h3>\n\t\t\t\t<div class=\"elementor-post__excerpt\">\n\t\t\t<p>El Fondo de Inversi\u00f3n Ambiental de El Salvador (FIAES) y el Programa de las Naciones Unidas para el Desarrollo (PNUD) suscribieron un memorando de entendimiento<\/p>\n\t\t<\/div>\n\t\t\n\t\t<a class=\"elementor-post__read-more\" href=\"https:\/\/fiaes.org\/en\/pnud-y-fiaes-consolidan-alianza-estrategica-por-la-sostenibilidad-ambiental-de-el-salvador\/\" aria-label=\"Read more about PNUD y FIAES consolidan alianza estrat\u00e9gica por la sostenibilidad ambiental de El Salvador\" tabindex=\"-1\" >\n\t\t\tRead More \u00bb\t\t<\/a>\n\n\t\t\t\t<\/div>\n\t\t\t\t<div class=\"elementor-post__meta-data\">\n\t\t\t\t\t<span class=\"elementor-post-date\">\n\t\t\t20 de August de 2026\t\t<\/span>\n\t\t\t\t<span class=\"elementor-post-avatar\">\n\t\t\tNo Comments\t\t<\/span>\n\t\t\t\t<\/div>\n\t\t\t\t\t<\/div>\n\t\t<\/article>\n\t\t\t\t<article class=\"elementor-post elementor-grid-item post-6375 post type-post status-publish format-standard has-post-thumbnail hentry category-historias-destacadas category-noticia-destacada category-noticias\" role=\"listitem\">\n\t\t\t<div class=\"elementor-post__card\">\n\t\t\t\t<a class=\"elementor-post__thumbnail__link\" href=\"https:\/\/fiaes.org\/en\/fiaes-a-traves-de-su-programa-oceanos-contribuye-a-la-conservacion-del-bosque-de-manglar-y-tortugas-marinas\/\" tabindex=\"-1\" ><div class=\"elementor-post__thumbnail\"><img decoding=\"async\" width=\"768\" height=\"432\" src=\"https:\/\/fiaes.org\/wp-content\/uploads\/2026\/08\/Portada-Comunicado-768x432.jpg\" class=\"attachment-medium_large size-medium_large wp-image-6376\" alt=\"\" srcset=\"https:\/\/fiaes.org\/wp-content\/uploads\/2026\/08\/Portada-Comunicado-768x432.jpg 768w, https:\/\/fiaes.org\/wp-content\/uploads\/2026\/08\/Portada-Comunicado-300x169.jpg 300w, https:\/\/fiaes.org\/wp-content\/uploads\/2026\/08\/Portada-Comunicado-1024x576.jpg 1024w, https:\/\/fiaes.org\/wp-content\/uploads\/2026\/08\/Portada-Comunicado-1536x864.jpg 1536w, https:\/\/fiaes.org\/wp-content\/uploads\/2026\/08\/Portada-Comunicado-2048x1152.jpg 2048w, https:\/\/fiaes.org\/wp-content\/uploads\/2026\/08\/Portada-Comunicado-18x10.jpg 18w\" sizes=\"(max-width: 768px) 100vw, 768px\" \/><\/div><\/a>\n\t\t\t\t<div class=\"elementor-post__badge\">Featured Stories<\/div>\n\t\t\t\t<div class=\"elementor-post__avatar\">\n\t\t\t<img alt='Ernesto Amaya' src='https:\/\/secure.gravatar.com\/avatar\/ed0ce17c74f79552f6469965e5339002662dc4af55d809bb047507a2e31a59d2?s=128&#038;d=mm&#038;r=g' srcset='https:\/\/secure.gravatar.com\/avatar\/ed0ce17c74f79552f6469965e5339002662dc4af55d809bb047507a2e31a59d2?s=256&#038;d=mm&#038;r=g 2x' class='avatar avatar-128 photo' height='128' width='128' \/>\t\t<\/div>\n\t\t\t\t<div class=\"elementor-post__text\">\n\t\t\t\t<h3 class=\"elementor-post__title\">\n\t\t\t<a href=\"https:\/\/fiaes.org\/en\/fiaes-a-traves-de-su-programa-oceanos-contribuye-a-la-conservacion-del-bosque-de-manglar-y-tortugas-marinas\/\" >\n\t\t\t\tFIAES a trav\u00e9s de su Programa Oc\u00e9anos contribuye a la conservaci\u00f3n del bosque de manglar y tortugas marinas\t\t\t<\/a>\n\t\t<\/h3>\n\t\t\t\t<div class=\"elementor-post__excerpt\">\n\t\t\t<p>FIAES junto a comunidades y socios locales ha logrado importantes avances en la restauraci\u00f3n del bosque de manglar, h\u00e1bitat de tortugas marinas, en coordinaci\u00f3n con<\/p>\n\t\t<\/div>\n\t\t\n\t\t<a class=\"elementor-post__read-more\" href=\"https:\/\/fiaes.org\/en\/fiaes-a-traves-de-su-programa-oceanos-contribuye-a-la-conservacion-del-bosque-de-manglar-y-tortugas-marinas\/\" aria-label=\"Read more about FIAES a trav\u00e9s de su Programa Oc\u00e9anos contribuye a la conservaci\u00f3n del bosque de manglar y tortugas marinas\" tabindex=\"-1\" >\n\t\t\tRead More \u00bb\t\t<\/a>\n\n\t\t\t\t<\/div>\n\t\t\t\t<div class=\"elementor-post__meta-data\">\n\t\t\t\t\t<span class=\"elementor-post-date\">\n\t\t\t19 de August de 2026\t\t<\/span>\n\t\t\t\t<span class=\"elementor-post-avatar\">\n\t\t\tNo Comments\t\t<\/span>\n\t\t\t\t<\/div>\n\t\t\t\t\t<\/div>\n\t\t<\/article>\n\t\t\t\t<article class=\"elementor-post elementor-grid-item post-6363 post type-post status-publish format-standard has-post-thumbnail hentry category-historias-destacadas category-noticia-destacada category-noticias\" role=\"listitem\">\n\t\t\t<div class=\"elementor-post__card\">\n\t\t\t\t<a class=\"elementor-post__thumbnail__link\" href=\"https:\/\/fiaes.org\/en\/invertir-en-paisajes-productivos-es-asegurar-nuestra-resiliencia\/\" tabindex=\"-1\" ><div class=\"elementor-post__thumbnail\"><img decoding=\"async\" width=\"768\" height=\"512\" src=\"https:\/\/fiaes.org\/wp-content\/uploads\/2026\/07\/Articulo-Paisajes-Productivos-768x512.jpg\" class=\"attachment-medium_large size-medium_large wp-image-6364\" alt=\"\" srcset=\"https:\/\/fiaes.org\/wp-content\/uploads\/2026\/07\/Articulo-Paisajes-Productivos-768x512.jpg 768w, https:\/\/fiaes.org\/wp-content\/uploads\/2026\/07\/Articulo-Paisajes-Productivos-300x200.jpg 300w, https:\/\/fiaes.org\/wp-content\/uploads\/2026\/07\/Articulo-Paisajes-Productivos-1024x682.jpg 1024w, https:\/\/fiaes.org\/wp-content\/uploads\/2026\/07\/Articulo-Paisajes-Productivos-1536x1024.jpg 1536w, https:\/\/fiaes.org\/wp-content\/uploads\/2026\/07\/Articulo-Paisajes-Productivos-18x12.jpg 18w, https:\/\/fiaes.org\/wp-content\/uploads\/2026\/07\/Articulo-Paisajes-Productivos.jpg 2000w\" sizes=\"(max-width: 768px) 100vw, 768px\" \/><\/div><\/a>\n\t\t\t\t<div class=\"elementor-post__badge\">Featured Stories<\/div>\n\t\t\t\t<div class=\"elementor-post__avatar\">\n\t\t\t<img alt='Ernesto Amaya' src='https:\/\/secure.gravatar.com\/avatar\/ed0ce17c74f79552f6469965e5339002662dc4af55d809bb047507a2e31a59d2?s=128&#038;d=mm&#038;r=g' srcset='https:\/\/secure.gravatar.com\/avatar\/ed0ce17c74f79552f6469965e5339002662dc4af55d809bb047507a2e31a59d2?s=256&#038;d=mm&#038;r=g 2x' class='avatar avatar-128 photo' height='128' width='128' \/>\t\t<\/div>\n\t\t\t\t<div class=\"elementor-post__text\">\n\t\t\t\t<h3 class=\"elementor-post__title\">\n\t\t\t<a href=\"https:\/\/fiaes.org\/en\/invertir-en-paisajes-productivos-es-asegurar-nuestra-resiliencia\/\" >\n\t\t\t\tInvertir en paisajes productivos es asegurar nuestra resiliencia\t\t\t<\/a>\n\t\t<\/h3>\n\t\t\t\t<div class=\"elementor-post__excerpt\">\n\t\t\t<p>Por Jorge Oviedo Director ejecutivo del Fondo Ambiental de El Salvador Especialista en finanzas para la conservaci\u00f3n \u00a0 \u00a0 Durante a\u00f1os hemos hablado de la<\/p>\n\t\t<\/div>\n\t\t\n\t\t<a class=\"elementor-post__read-more\" href=\"https:\/\/fiaes.org\/en\/invertir-en-paisajes-productivos-es-asegurar-nuestra-resiliencia\/\" aria-label=\"Read more about Invertir en paisajes productivos es asegurar nuestra resiliencia\" tabindex=\"-1\" >\n\t\t\tRead More \u00bb\t\t<\/a>\n\n\t\t\t\t<\/div>\n\t\t\t\t<div class=\"elementor-post__meta-data\">\n\t\t\t\t\t<span class=\"elementor-post-date\">\n\t\t\t30 de July de 2026\t\t<\/span>\n\t\t\t\t<span class=\"elementor-post-avatar\">\n\t\t\tNo Comments\t\t<\/span>\n\t\t\t\t<\/div>\n\t\t\t\t\t<\/div>\n\t\t<\/article>\n\t\t\t\t<article class=\"elementor-post elementor-grid-item post-6166 post type-post status-publish format-standard has-post-thumbnail hentry category-historias-destacadas category-noticia-destacada category-noticias\" role=\"listitem\">\n\t\t\t<div class=\"elementor-post__card\">\n\t\t\t\t<a class=\"elementor-post__thumbnail__link\" href=\"https:\/\/fiaes.org\/en\/cuando-protegemos-el-oceano-el-oceano-nos-protege\/\" tabindex=\"-1\" ><div class=\"elementor-post__thumbnail\"><img loading=\"lazy\" decoding=\"async\" width=\"768\" height=\"512\" src=\"https:\/\/fiaes.org\/wp-content\/uploads\/2026\/07\/Articulo-Oceanos-768x512.jpg\" class=\"attachment-medium_large size-medium_large wp-image-6167\" alt=\"\" srcset=\"https:\/\/fiaes.org\/wp-content\/uploads\/2026\/07\/Articulo-Oceanos-768x512.jpg 768w, https:\/\/fiaes.org\/wp-content\/uploads\/2026\/07\/Articulo-Oceanos-300x200.jpg 300w, https:\/\/fiaes.org\/wp-content\/uploads\/2026\/07\/Articulo-Oceanos-1024x682.jpg 1024w, https:\/\/fiaes.org\/wp-content\/uploads\/2026\/07\/Articulo-Oceanos-1536x1024.jpg 1536w, https:\/\/fiaes.org\/wp-content\/uploads\/2026\/07\/Articulo-Oceanos-18x12.jpg 18w, https:\/\/fiaes.org\/wp-content\/uploads\/2026\/07\/Articulo-Oceanos.jpg 2000w\" sizes=\"(max-width: 768px) 100vw, 768px\" \/><\/div><\/a>\n\t\t\t\t<div class=\"elementor-post__badge\">Featured Stories<\/div>\n\t\t\t\t<div class=\"elementor-post__avatar\">\n\t\t\t<img alt='Ernesto Amaya' src='https:\/\/secure.gravatar.com\/avatar\/ed0ce17c74f79552f6469965e5339002662dc4af55d809bb047507a2e31a59d2?s=128&#038;d=mm&#038;r=g' srcset='https:\/\/secure.gravatar.com\/avatar\/ed0ce17c74f79552f6469965e5339002662dc4af55d809bb047507a2e31a59d2?s=256&#038;d=mm&#038;r=g 2x' class='avatar avatar-128 photo' height='128' width='128' \/>\t\t<\/div>\n\t\t\t\t<div class=\"elementor-post__text\">\n\t\t\t\t<h3 class=\"elementor-post__title\">\n\t\t\t<a href=\"https:\/\/fiaes.org\/en\/cuando-protegemos-el-oceano-el-oceano-nos-protege\/\" >\n\t\t\t\tCuando protegemos el oc\u00e9ano, el oc\u00e9ano nos protege\t\t\t<\/a>\n\t\t<\/h3>\n\t\t\t\t<div class=\"elementor-post__excerpt\">\n\t\t\t<p>Por Jorge Oviedo Director Ejecutivo del Fondo Ambiental de El Salvador Especialista en finanzas para la conservaci\u00f3n El oc\u00e9ano no es solo el borde de<\/p>\n\t\t<\/div>\n\t\t\n\t\t<a class=\"elementor-post__read-more\" href=\"https:\/\/fiaes.org\/en\/cuando-protegemos-el-oceano-el-oceano-nos-protege\/\" aria-label=\"Read more about Cuando protegemos el oc\u00e9ano, el oc\u00e9ano nos protege\" tabindex=\"-1\" >\n\t\t\tRead More \u00bb\t\t<\/a>\n\n\t\t\t\t<\/div>\n\t\t\t\t<div class=\"elementor-post__meta-data\">\n\t\t\t\t\t<span class=\"elementor-post-date\">\n\t\t\t10 de July de 2026\t\t<\/span>\n\t\t\t\t<span class=\"elementor-post-avatar\">\n\t\t\tNo Comments\t\t<\/span>\n\t\t\t\t<\/div>\n\t\t\t\t\t<\/div>\n\t\t<\/article>\n\t\t\t\t<article class=\"elementor-post elementor-grid-item post-6117 post type-post status-publish format-standard has-post-thumbnail hentry category-historias-destacadas category-noticia-destacada category-noticias\" role=\"listitem\">\n\t\t\t<div class=\"elementor-post__card\">\n\t\t\t\t<a class=\"elementor-post__thumbnail__link\" href=\"https:\/\/fiaes.org\/en\/fiaes-impulsa-la-restauracion-productiva-en-el-salvador-9730-hectareas-recuperadas-con-enfoque-sostenible-y-350-mil-jornales-entre-2020-2025\/\" tabindex=\"-1\" ><div class=\"elementor-post__thumbnail\"><img loading=\"lazy\" decoding=\"async\" width=\"768\" height=\"432\" src=\"https:\/\/fiaes.org\/wp-content\/uploads\/2026\/06\/1-768x432.jpg\" class=\"attachment-medium_large size-medium_large wp-image-6129\" alt=\"\" srcset=\"https:\/\/fiaes.org\/wp-content\/uploads\/2026\/06\/1-768x432.jpg 768w, https:\/\/fiaes.org\/wp-content\/uploads\/2026\/06\/1-300x169.jpg 300w, https:\/\/fiaes.org\/wp-content\/uploads\/2026\/06\/1-1024x576.jpg 1024w, https:\/\/fiaes.org\/wp-content\/uploads\/2026\/06\/1-1536x864.jpg 1536w, https:\/\/fiaes.org\/wp-content\/uploads\/2026\/06\/1-2048x1152.jpg 2048w, https:\/\/fiaes.org\/wp-content\/uploads\/2026\/06\/1-18x10.jpg 18w\" sizes=\"(max-width: 768px) 100vw, 768px\" \/><\/div><\/a>\n\t\t\t\t<div class=\"elementor-post__badge\">Featured Stories<\/div>\n\t\t\t\t<div class=\"elementor-post__avatar\">\n\t\t\t<img alt='Ernesto Amaya' src='https:\/\/secure.gravatar.com\/avatar\/ed0ce17c74f79552f6469965e5339002662dc4af55d809bb047507a2e31a59d2?s=128&#038;d=mm&#038;r=g' srcset='https:\/\/secure.gravatar.com\/avatar\/ed0ce17c74f79552f6469965e5339002662dc4af55d809bb047507a2e31a59d2?s=256&#038;d=mm&#038;r=g 2x' class='avatar avatar-128 photo' height='128' width='128' \/>\t\t<\/div>\n\t\t\t\t<div class=\"elementor-post__text\">\n\t\t\t\t<h3 class=\"elementor-post__title\">\n\t\t\t<a href=\"https:\/\/fiaes.org\/en\/fiaes-impulsa-la-restauracion-productiva-en-el-salvador-9730-hectareas-recuperadas-con-enfoque-sostenible-y-350-mil-jornales-entre-2020-2025\/\" >\n\t\t\t\tFIAES impulsa la restauraci\u00f3n productiva en El Salvador: 9,730 hect\u00e1reas recuperadas con enfoque sostenible y 350 mil jornales entre 2020 &#8211; 2025\t\t\t<\/a>\n\t\t<\/h3>\n\t\t\t\t<div class=\"elementor-post__excerpt\">\n\t\t\t<p>En un escenario global y regional marcado por la variabilidad clim\u00e1tica, la conservaci\u00f3n y restauraci\u00f3n de los paisajes productivos se posiciona como una estrategia financiera,<\/p>\n\t\t<\/div>\n\t\t\n\t\t<a class=\"elementor-post__read-more\" href=\"https:\/\/fiaes.org\/en\/fiaes-impulsa-la-restauracion-productiva-en-el-salvador-9730-hectareas-recuperadas-con-enfoque-sostenible-y-350-mil-jornales-entre-2020-2025\/\" aria-label=\"Read more about FIAES impulsa la restauraci\u00f3n productiva en El Salvador: 9,730 hect\u00e1reas recuperadas con enfoque sostenible y 350 mil jornales entre 2020 &#8211; 2025\" tabindex=\"-1\" >\n\t\t\tRead More \u00bb\t\t<\/a>\n\n\t\t\t\t<\/div>\n\t\t\t\t<div class=\"elementor-post__meta-data\">\n\t\t\t\t\t<span class=\"elementor-post-date\">\n\t\t\t26 de June de 2026\t\t<\/span>\n\t\t\t\t<span class=\"elementor-post-avatar\">\n\t\t\tNo Comments\t\t<\/span>\n\t\t\t\t<\/div>\n\t\t\t\t\t<\/div>\n\t\t<\/article>\n\t\t\t\t<article class=\"elementor-post elementor-grid-item post-6084 post type-post status-publish format-standard has-post-thumbnail hentry category-historias-destacadas category-noticia-destacada category-noticias\" role=\"listitem\">\n\t\t\t<div class=\"elementor-post__card\">\n\t\t\t\t<a class=\"elementor-post__thumbnail__link\" href=\"https:\/\/fiaes.org\/en\/fiaes-acompano-el-cierre-del-proyecto-aumento-de-las-medidas-de-resiliencia-climatica-en-los-agroecosistemas-del-corredor-seco-de-el-salvador-reclima\/\" tabindex=\"-1\" ><div class=\"elementor-post__thumbnail\"><img loading=\"lazy\" decoding=\"async\" width=\"768\" height=\"512\" src=\"https:\/\/fiaes.org\/wp-content\/uploads\/2026\/06\/WhatsApp-Image-2026-06-12-at-16.33.29-768x512.jpg\" class=\"attachment-medium_large size-medium_large wp-image-6098\" alt=\"\" srcset=\"https:\/\/fiaes.org\/wp-content\/uploads\/2026\/06\/WhatsApp-Image-2026-06-12-at-16.33.29-768x512.jpg 768w, https:\/\/fiaes.org\/wp-content\/uploads\/2026\/06\/WhatsApp-Image-2026-06-12-at-16.33.29-300x200.jpg 300w, https:\/\/fiaes.org\/wp-content\/uploads\/2026\/06\/WhatsApp-Image-2026-06-12-at-16.33.29-1024x683.jpg 1024w, https:\/\/fiaes.org\/wp-content\/uploads\/2026\/06\/WhatsApp-Image-2026-06-12-at-16.33.29-1536x1024.jpg 1536w, https:\/\/fiaes.org\/wp-content\/uploads\/2026\/06\/WhatsApp-Image-2026-06-12-at-16.33.29-2048x1365.jpg 2048w, https:\/\/fiaes.org\/wp-content\/uploads\/2026\/06\/WhatsApp-Image-2026-06-12-at-16.33.29-18x12.jpg 18w\" sizes=\"(max-width: 768px) 100vw, 768px\" \/><\/div><\/a>\n\t\t\t\t<div class=\"elementor-post__badge\">Featured Stories<\/div>\n\t\t\t\t<div class=\"elementor-post__avatar\">\n\t\t\t<img alt='Ernesto Amaya' src='https:\/\/secure.gravatar.com\/avatar\/ed0ce17c74f79552f6469965e5339002662dc4af55d809bb047507a2e31a59d2?s=128&#038;d=mm&#038;r=g' srcset='https:\/\/secure.gravatar.com\/avatar\/ed0ce17c74f79552f6469965e5339002662dc4af55d809bb047507a2e31a59d2?s=256&#038;d=mm&#038;r=g 2x' class='avatar avatar-128 photo' height='128' width='128' \/>\t\t<\/div>\n\t\t\t\t<div class=\"elementor-post__text\">\n\t\t\t\t<h3 class=\"elementor-post__title\">\n\t\t\t<a href=\"https:\/\/fiaes.org\/en\/fiaes-acompano-el-cierre-del-proyecto-aumento-de-las-medidas-de-resiliencia-climatica-en-los-agroecosistemas-del-corredor-seco-de-el-salvador-reclima\/\" >\n\t\t\t\tFIAES acompa\u00f1\u00f3 el cierre del Proyecto \u201cAumento de las medidas de resiliencia clim\u00e1tica en los agroecosistemas del Corredor Seco de El Salvador\u201d (RECLIMA)\t\t\t<\/a>\n\t\t<\/h3>\n\t\t\t\t<div class=\"elementor-post__excerpt\">\n\t\t\t<p>Desde 2019, la alianza entre FAO y FIAES impuls\u00f3 acciones concretas para la resiliencia clim\u00e1tica en el Corredor Seco salvadore\u00f1o, combinando financiamiento, asistencia t\u00e9cnica y<\/p>\n\t\t<\/div>\n\t\t\n\t\t<a class=\"elementor-post__read-more\" href=\"https:\/\/fiaes.org\/en\/fiaes-acompano-el-cierre-del-proyecto-aumento-de-las-medidas-de-resiliencia-climatica-en-los-agroecosistemas-del-corredor-seco-de-el-salvador-reclima\/\" aria-label=\"Read more about FIAES acompa\u00f1\u00f3 el cierre del Proyecto \u201cAumento de las medidas de resiliencia clim\u00e1tica en los agroecosistemas del Corredor Seco de El Salvador\u201d (RECLIMA)\" tabindex=\"-1\" >\n\t\t\tRead More \u00bb\t\t<\/a>\n\n\t\t\t\t<\/div>\n\t\t\t\t<div class=\"elementor-post__meta-data\">\n\t\t\t\t\t<span class=\"elementor-post-date\">\n\t\t\t13 de June de 2026\t\t<\/span>\n\t\t\t\t<span class=\"elementor-post-avatar\">\n\t\t\tNo Comments\t\t<\/span>\n\t\t\t\t<\/div>\n\t\t\t\t\t<\/div>\n\t\t<\/article>\n\t\t\t\t<\/div>\n\t\t\t\t\t<span class=\"e-load-more-spinner\">\n\t\t\t\t<svg aria-hidden=\"true\" class=\"e-font-icon-svg e-fas-spinner\" viewbox=\"0 0 512 512\" xmlns=\"http:\/\/www.w3.org\/2000\/svg\"><path d=\"M304 48c0 26.51-21.49 48-48 48s-48-21.49-48-48 21.49-48 48-48 48 21.49 48 48zm-48 368c-26.51 0-48 21.49-48 48s21.49 48 48 48 48-21.49 48-48-21.49-48-48-48zm208-208c-26.51 0-48 21.49-48 48s21.49 48 48 48 48-21.49 48-48-21.49-48-48-48zM96 256c0-26.51-21.49-48-48-48S0 229.49 0 256s21.49 48 48 48 48-21.49 48-48zm12.922 99.078c-26.51 0-48 21.49-48 48s21.49 48 48 48 48-21.49 48-48c0-26.509-21.491-48-48-48zm294.156 0c-26.51 0-48 21.49-48 48s21.49 48 48 48 48-21.49 48-48c0-26.509-21.49-48-48-48zM108.922 60.922c-26.51 0-48 21.49-48 48s21.49 48 48 48 48-21.49 48-48-21.491-48-48-48z\"><\/path><\/svg>\t\t\t<\/span>\n\t\t\n\t\t\t\t<div class=\"e-load-more-anchor\" data-page=\"1\" data-max-page=\"8\" data-next-page=\"https:\/\/fiaes.org\/en\/wp-json\/wp\/v2\/pages\/851\/page\/2\/\"><\/div>\n\t\t\t\t<div class=\"elementor-button-wrapper\">\n\t\t\t<a class=\"elementor-button elementor-size-sm\" role=\"button\">\n\t\t\t\t\t\t<span class=\"elementor-button-content-wrapper\">\n\t\t\t\t\t\t\t\t\t<span class=\"elementor-button-text\">Load more<\/span>\n\t\t\t\t\t<\/span>\n\t\t\t\t\t<\/a>\n\t\t<\/div>\n\t\t\t\t<div class=\"e-load-more-message\">No further news is available.<\/div>\n\t\t\t\t\t\t<\/div>\n\t\t\t\t<\/div>\n\t\t\t\t<\/div>\n\t\t\t\t<\/div>","protected":false},"excerpt":{"rendered":"<p>Latest News<\/p>","protected":false},"author":1,"featured_media":0,"parent":0,"menu_order":0,"comment_status":"closed","ping_status":"closed","template":"","meta":{"footnotes":""},"class_list":["post-851","page","type-page","status-publish","hentry"],"yoast_head":"<!-- This site is optimized with the Yoast SEO plugin v26.1.1 - https:\/\/yoast.com\/wordpress\/plugins\/seo\/ -->\n<title>Noticias - FIAES | Fondo de Inversi\u00f3n Ambiental de El Salvador<\/title>\n<meta name=\"robots\" content=\"noindex, follow, max-snippet:-1, max-image-preview:large, max-video-preview:-1\" \/>\n<meta property=\"og:locale\" content=\"en_US\" \/>\n<meta property=\"og:type\" content=\"article\" \/>\n<meta property=\"og:title\" content=\"Noticias - FIAES | Fondo de Inversi\u00f3n Ambiental de El Salvador\" \/>\n<meta property=\"og:description\" content=\"\u00daltimas Noticias\" \/>\n<meta property=\"og:url\" content=\"https:\/\/fiaes.org\/en\/noticias\/\" \/>\n<meta property=\"og:site_name\" content=\"FIAES | Fondo de Inversi\u00f3n Ambiental de El Salvador\" \/>\n<meta property=\"article:modified_time\" content=\"2026-01-20T21:34:02+00:00\" \/>\n<meta name=\"twitter:card\" content=\"summary_large_image\" \/>\n<script type=\"application\/ld+json\" class=\"yoast-schema-graph\">{\"@context\":\"https:\/\/schema.org\",\"@graph\":[{\"@type\":\"WebPage\",\"@id\":\"https:\/\/fiaes.org\/noticias\/\",\"url\":\"https:\/\/fiaes.org\/noticias\/\",\"name\":\"Noticias - FIAES | Fondo de Inversi\u00f3n Ambiental de El Salvador\",\"isPartOf\":{\"@id\":\"https:\/\/fiaes.org\/#website\"},\"datePublished\":\"2025-08-12T17:02:17+00:00\",\"dateModified\":\"2026-01-20T21:34:02+00:00\",\"breadcrumb\":{\"@id\":\"https:\/\/fiaes.org\/noticias\/#breadcrumb\"},\"inLanguage\":\"en-US\",\"potentialAction\":[{\"@type\":\"ReadAction\",\"target\":[\"https:\/\/fiaes.org\/noticias\/\"]}]},{\"@type\":\"BreadcrumbList\",\"@id\":\"https:\/\/fiaes.org\/noticias\/#breadcrumb\",\"itemListElement\":[{\"@type\":\"ListItem\",\"position\":1,\"name\":\"Portada\",\"item\":\"https:\/\/fiaes.org\/\"},{\"@type\":\"ListItem\",\"position\":2,\"name\":\"Noticias\"}]},{\"@type\":\"WebSite\",\"@id\":\"https:\/\/fiaes.org\/#website\",\"url\":\"https:\/\/fiaes.org\/\",\"name\":\"FIAES | Fondo de Inversi\u00f3n Ambiental de El Salvador\",\"description\":\"\",\"publisher\":{\"@id\":\"https:\/\/fiaes.org\/#organization\"},\"potentialAction\":[{\"@type\":\"SearchAction\",\"target\":{\"@type\":\"EntryPoint\",\"urlTemplate\":\"https:\/\/fiaes.org\/?s={search_term_string}\"},\"query-input\":{\"@type\":\"PropertyValueSpecification\",\"valueRequired\":true,\"valueName\":\"search_term_string\"}}],\"inLanguage\":\"en-US\"},{\"@type\":\"Organization\",\"@id\":\"https:\/\/fiaes.org\/#organization\",\"name\":\"FIAES | Fondo de Inversi\u00f3n Ambiental de El Salvador\",\"url\":\"https:\/\/fiaes.org\/\",\"logo\":{\"@type\":\"ImageObject\",\"inLanguage\":\"en-US\",\"@id\":\"https:\/\/fiaes.org\/#\/schema\/logo\/image\/\",\"url\":\"https:\/\/fiaes.org\/wp-content\/uploads\/2025\/08\/logo_fiaes_b.webp\",\"contentUrl\":\"https:\/\/fiaes.org\/wp-content\/uploads\/2025\/08\/logo_fiaes_b.webp\",\"width\":639,\"height\":255,\"caption\":\"FIAES | Fondo de Inversi\u00f3n Ambiental de  El Salvador\"},\"image\":{\"@id\":\"https:\/\/fiaes.org\/#\/schema\/logo\/image\/\"}}]}<\/script>\n<!-- \/ Yoast SEO plugin. -->","yoast_head_json":{"title":"Noticias - FIAES | Fondo de Inversi\u00f3n Ambiental de El Salvador","robots":{"index":"noindex","follow":"follow","max-snippet":"max-snippet:-1","max-image-preview":"max-image-preview:large","max-video-preview":"max-video-preview:-1"},"og_locale":"en_US","og_type":"article","og_title":"Noticias - FIAES | Fondo de Inversi\u00f3n Ambiental de El Salvador","og_description":"\u00daltimas Noticias","og_url":"https:\/\/fiaes.org\/en\/noticias\/","og_site_name":"FIAES | Fondo de Inversi\u00f3n Ambiental de El Salvador","article_modified_time":"2026-01-20T21:34:02+00:00","twitter_card":"summary_large_image","schema":{"@context":"https:\/\/schema.org","@graph":[{"@type":"WebPage","@id":"https:\/\/fiaes.org\/noticias\/","url":"https:\/\/fiaes.org\/noticias\/","name":"Noticias - FIAES | Fondo de Inversi\u00f3n Ambiental de El Salvador","isPartOf":{"@id":"https:\/\/fiaes.org\/#website"},"datePublished":"2025-08-12T17:02:17+00:00","dateModified":"2026-01-20T21:34:02+00:00","breadcrumb":{"@id":"https:\/\/fiaes.org\/noticias\/#breadcrumb"},"inLanguage":"en-US","potentialAction":[{"@type":"ReadAction","target":["https:\/\/fiaes.org\/noticias\/"]}]},{"@type":"BreadcrumbList","@id":"https:\/\/fiaes.org\/noticias\/#breadcrumb","itemListElement":[{"@type":"ListItem","position":1,"name":"Portada","item":"https:\/\/fiaes.org\/"},{"@type":"ListItem","position":2,"name":"Noticias"}]},{"@type":"WebSite","@id":"https:\/\/fiaes.org\/#website","url":"https:\/\/fiaes.org\/","name":"FIAES | Fondo de Inversi\u00f3n Ambiental de El Salvador","description":"","publisher":{"@id":"https:\/\/fiaes.org\/#organization"},"potentialAction":[{"@type":"SearchAction","target":{"@type":"EntryPoint","urlTemplate":"https:\/\/fiaes.org\/?s={search_term_string}"},"query-input":{"@type":"PropertyValueSpecification","valueRequired":true,"valueName":"search_term_string"}}],"inLanguage":"en-US"},{"@type":"Organization","@id":"https:\/\/fiaes.org\/#organization","name":"FIAES | Fondo de Inversi\u00f3n Ambiental de El Salvador","url":"https:\/\/fiaes.org\/","logo":{"@type":"ImageObject","inLanguage":"en-US","@id":"https:\/\/fiaes.org\/#\/schema\/logo\/image\/","url":"https:\/\/fiaes.org\/wp-content\/uploads\/2025\/08\/logo_fiaes_b.webp","contentUrl":"https:\/\/fiaes.org\/wp-content\/uploads\/2025\/08\/logo_fiaes_b.webp","width":639,"height":255,"caption":"FIAES | Fondo de Inversi\u00f3n Ambiental de  El Salvador"},"image":{"@id":"https:\/\/fiaes.org\/#\/schema\/logo\/image\/"}}]}},"_links":{"self":[{"href":"https:\/\/fiaes.org\/en\/wp-json\/wp\/v2\/pages\/851","targetHints":{"allow":["GET"]}}],"collection":[{"href":"https:\/\/fiaes.org\/en\/wp-json\/wp\/v2\/pages"}],"about":[{"href":"https:\/\/fiaes.org\/en\/wp-json\/wp\/v2\/types\/page"}],"author":[{"embeddable":true,"href":"https:\/\/fiaes.org\/en\/wp-json\/wp\/v2\/users\/1"}],"replies":[{"embeddable":true,"href":"https:\/\/fiaes.org\/en\/wp-json\/wp\/v2\/comments?post=851"}],"version-history":[{"count":58,"href":"https:\/\/fiaes.org\/en\/wp-json\/wp\/v2\/pages\/851\/revisions"}],"predecessor-version":[{"id":4355,"href":"https:\/\/fiaes.org\/en\/wp-json\/wp\/v2\/pages\/851\/revisions\/4355"}],"wp:attachment":[{"href":"https:\/\/fiaes.org\/en\/wp-json\/wp\/v2\/media?parent=851"}],"curies":[{"name":"wp","href":"https:\/\/api.w.org\/{rel}","templated":true}]}}